{"id":162,"date":"2021-11-12T15:30:12","date_gmt":"2021-11-12T18:30:12","guid":{"rendered":"https:\/\/visualpraiahotel.com.br\/?page_id=162"},"modified":"2024-03-14T21:32:03","modified_gmt":"2024-03-15T00:32:03","slug":"natal-rn","status":"publish","type":"page","link":"https:\/\/visualpraiahotel.com.br\/index.php\/natal-rn\/","title":{"rendered":"Natal &#8211; RN"},"content":{"rendered":"\n<h2 class=\"has-text-color wp-block-heading\" style=\"color:#198199\"><strong>Visite Natal<\/strong> e apaixone-se!<\/h2>\n\n\n\n<p><strong>Natal<\/strong>&nbsp;\u00e9 a cidade brasileira mais pr\u00f3xima do continente africano. \u00c9 conhecida pelos turistas e por todos os potiguares por suas belezas naturais, pois \u00e9 uma cidade repleta de lindas praias, dunas, fal\u00e9sias, recife e piscinas naturais.<\/p>\n\n\n\n<p>A capital do Rio Grande do Norte, tamb\u00e9m \u00e9 muito famosa pela <strong>gastronomia local<\/strong>, rica em peixes e crust\u00e1ceos, como por exemplo, um belo prato de Camar\u00e3o Internacional, lagostas e o delicioso Peixe Meca da Praia de Maracaja\u00fa.<\/p>\n\n\n\n<p>A <strong>vida noturna de Natal<\/strong> \u00e9 muito movimentada. A cidade tem diversas casas noturnas, casas de shows, pubs, bares e restaurantes.<\/p>\n\n\n\n<div style=\"height:1px\" aria-hidden=\"true\" class=\"wp-block-spacer\"><\/div>\n\n\n\n<h3 class=\"has-text-color wp-block-heading\" style=\"color:#f99d1c\">Conhe\u00e7a um pouco da<strong> hist\u00f3ria da cidade.<\/strong><\/h3>\n\n\n\n<div class=\"wp-block-image\"><figure class=\"alignleft size-full\"><img loading=\"lazy\" decoding=\"async\" width=\"450\" height=\"300\" src=\"https:\/\/visualpraiahotel.com.br\/wp-content\/uploads\/2021\/11\/o-que-fazer-em-natal-Visual-Praia-Hotel.jpg\" alt=\"\" class=\"wp-image-628\" srcset=\"https:\/\/visualpraiahotel.com.br\/wp-content\/uploads\/2021\/11\/o-que-fazer-em-natal-Visual-Praia-Hotel.jpg 450w, https:\/\/visualpraiahotel.com.br\/wp-content\/uploads\/2021\/11\/o-que-fazer-em-natal-Visual-Praia-Hotel-300x200.jpg 300w\" sizes=\"auto, (max-width: 450px) 100vw, 450px\" \/><figcaption><sub>Foto: Canind\u00e9 Soares<\/sub><\/figcaption><\/figure><\/div>\n\n\n\n<p><strong>Fundada por portugueses em 25 de dezembro de 1599<\/strong>, a Cidade de Santiago, rebatizada anos depois para Natal nasceu atrav\u00e9s da constru\u00e7\u00e3o de um forte \u00e0s margens do Rio Potengi para salvaguardar a capitania do Rio Grande do Norte.<\/p>\n\n\n\n<p>No entanto, a prote\u00e7\u00e3o dos portugueses durou pouco e a&nbsp;<strong>cidade de Natal<\/strong>&nbsp;foi invadida anos depois por holandeses, e foi desta forma que a capital potiguar se tornou culturalmente rica.<\/p>\n\n\n\n<p><strong>Natal<\/strong>&nbsp;teve um papel extremamente importante na <strong>II Guerra Mundial<\/strong>, quando avi\u00f5es americanos decolavam-se da capital potiguar rumo \u00e0 Europa para entrar em combate.<\/p>\n\n\n\n<p>Hoje em dia,&nbsp;<strong>Natal<\/strong>&nbsp;tamb\u00e9m \u00e9 conhecida como a Capital Espacial do Brasil, pois possui uma base de lan\u00e7amento de sondas meteorol\u00f3gicas na base conhecida como <strong>Barreira do Inferno<\/strong>.<\/p>\n\n\n\n<div style=\"height:10px\" aria-hidden=\"true\" class=\"wp-block-spacer\"><\/div>\n\n\n\n<div style=\"height:10px\" aria-hidden=\"true\" class=\"wp-block-spacer\"><\/div>\n\n\n\n<h2 class=\"has-text-color wp-block-heading\" style=\"color:#198199\"><strong>Conhe\u00e7a a<\/strong> <strong>Praia de Ponta Negra<\/strong>: A Mais famosa de Natal<\/h2>\n\n\n\n<div class=\"wp-block-image\"><figure class=\"alignright size-full\"><img loading=\"lazy\" decoding=\"async\" width=\"450\" height=\"300\" src=\"https:\/\/visualpraiahotel.com.br\/wp-content\/uploads\/2021\/11\/esportes-na-praia-de-Ponta-Negra-Natal-RN-Visual-Praia-Hotal.jpg\" alt=\"\" class=\"wp-image-625\" srcset=\"https:\/\/visualpraiahotel.com.br\/wp-content\/uploads\/2021\/11\/esportes-na-praia-de-Ponta-Negra-Natal-RN-Visual-Praia-Hotal.jpg 450w, https:\/\/visualpraiahotel.com.br\/wp-content\/uploads\/2021\/11\/esportes-na-praia-de-Ponta-Negra-Natal-RN-Visual-Praia-Hotal-300x200.jpg 300w\" sizes=\"auto, (max-width: 450px) 100vw, 450px\" \/><\/figure><\/div>\n\n\n\n<p>Geralmente os turistas se hospedam nos hot\u00e9is em Natal e pousadas nesse bairro, devido \u00e0 \u00f3tima localiza\u00e7\u00e3o e f\u00e1cil acesso ao centro de compras da cidade de Natal. De \u00e1guas bem tranquilas, a Praia de Ponta Negra, em Natal, oferece atra\u00e7\u00f5es aos turistas como stand-up paddle, kitesurf e windsurf. <\/p>\n\n\n\n<p>A Praia da Ponta Negra, em Natal, tamb\u00e9m tem um enorme cal\u00e7ad\u00e3o na orla da praia, onde voc\u00ea pode praticar caminhadas, corridas e tamb\u00e9m andar de bicicleta, enquanto contempla o mar. Na Praia de Ponta Negra \u00e9 poss\u00edvel apreciar a paisagem local, acompanhado de uma cerveja bem gelada ou uma \u00e1gua de coco bem docinha, nos diversos quiosques e restaurantes da orla. <\/p>\n\n\n\n<p>A vida noturna em Ponta Negra tamb\u00e9m \u00e9 bem agitada. Diversos bares, restaurantes e casas noturnas comp\u00f5em a cena badalada da cidade. <\/p>\n\n\n\n<p>\u00c9 na Praia da Ponta Negra que est\u00e1 localizado o um dos<strong> cart\u00f5es postais de Natal<\/strong> e de todo o Rio Grande do Norte: O&nbsp;<strong>Morro do Careca<\/strong>.<\/p>\n\n\n\n<div style=\"height:10px\" aria-hidden=\"true\" class=\"wp-block-spacer\"><\/div>\n\n\n\n<h3 class=\"has-text-color wp-block-heading\" style=\"color:#f99d1c\"><strong>Morro do Careca<\/strong>: o Cart\u00e3o Postal de Natal<\/h3>\n\n\n\n<div class=\"wp-block-image\"><figure class=\"alignleft size-full\"><img loading=\"lazy\" decoding=\"async\" width=\"450\" height=\"300\" src=\"https:\/\/visualpraiahotel.com.br\/wp-content\/uploads\/2021\/11\/morro-do-careca-em-ponta-negra-Visual-Praia-Hotel.jpg\" alt=\"\" class=\"wp-image-626\" srcset=\"https:\/\/visualpraiahotel.com.br\/wp-content\/uploads\/2021\/11\/morro-do-careca-em-ponta-negra-Visual-Praia-Hotel.jpg 450w, https:\/\/visualpraiahotel.com.br\/wp-content\/uploads\/2021\/11\/morro-do-careca-em-ponta-negra-Visual-Praia-Hotel-300x200.jpg 300w\" sizes=\"auto, (max-width: 450px) 100vw, 450px\" \/><\/figure><\/div>\n\n\n\n<p>O&nbsp;<strong>Morro do Careca<\/strong>&nbsp;\u00e9 bastante conhecido pelos frequentadores da Praia de Ponta Negra e tamb\u00e9m muito procurado por turistas, pois \u00e9 um dos cart\u00f5es postais da cidade de Natal. Passando dos 100 metros de altura, o&nbsp;Morro do Careca&nbsp;\u00e9 uma duna que est\u00e1 situada no extremo sul da Praia de Ponta Negra, e possui uma vegeta\u00e7\u00e3o densa e caracter\u00edstica.<\/p>\n\n\n\n<p>Olhando de longe para o<strong>&nbsp;Morro do Careca<\/strong>, \u00e9 poss\u00edvel avistar a careca de uma pessoa e \u00e9 por este motivo que o ponto tur\u00edstico possui este nome muito peculiar. <\/p>\n\n\n\n<p>H\u00e1 alguns anos era poss\u00edvel escalar o&nbsp;Morro do Careca&nbsp;e praticar \u2018skibunda\u2019, uma modalidade de ski sentado sob uma prancha que desliza sobre as dunas e cai diretamente na \u00e1gua do mar. Mas devido \u00e0 pr\u00e1tica de \u2018skibunda\u2019 pelos potiguares e turistas de&nbsp;Natal, o&nbsp;Morro do Careca&nbsp;foi perdendo a altitude. Atualmente, o&nbsp;<strong>Morro do Careca&nbsp;\u00e9 fechado para visita\u00e7\u00e3o, sendo a subida proibida,<\/strong> com o cunho de proteger e preservar a mata de restinga. <\/p>\n\n\n\n<div style=\"height:10px\" aria-hidden=\"true\" class=\"wp-block-spacer\"><\/div>\n\n\n\n<div class=\"wp-block-image\"><figure class=\"alignright size-full\"><img loading=\"lazy\" decoding=\"async\" width=\"450\" height=\"300\" src=\"https:\/\/visualpraiahotel.com.br\/wp-content\/uploads\/2021\/11\/morro-do-careca-em-ponta-negra-Visual-Praia-Hotel-2.jpg\" alt=\"\" class=\"wp-image-627\" srcset=\"https:\/\/visualpraiahotel.com.br\/wp-content\/uploads\/2021\/11\/morro-do-careca-em-ponta-negra-Visual-Praia-Hotel-2.jpg 450w, https:\/\/visualpraiahotel.com.br\/wp-content\/uploads\/2021\/11\/morro-do-careca-em-ponta-negra-Visual-Praia-Hotel-2-300x200.jpg 300w\" sizes=\"auto, (max-width: 450px) 100vw, 450px\" \/><figcaption><sub>Foto do Morro do Careca, pelo \u00e2ngulo de cima por Canind\u00e9 Soares<\/sub><\/figcaption><\/figure><\/div>\n\n\n\n<p><strong>Uma dica aos viajantes de plant\u00e3o: <\/strong>V\u00e1 at\u00e9 um dos quiosques do final da&nbsp;Praia de Ponta Negra,&nbsp;em um final da tarde, pe\u00e7a uma \u00e1gua de coco ou uma cerveja bem gelada e contemple o p\u00f4r do sol avistando o mar e o&nbsp;Morro do Careca.&nbsp;\u00c9 uma paisagem deslumbrante e voc\u00ea fara lindas fotos.<\/p>\n\n\n\n<h2 class=\"has-text-align-left has-text-color wp-block-heading\" style=\"color:#198199\"><strong>Gostou de Natal e quer se hospedar em Ponta Negra?<\/strong> Ent\u00e3o venha para o Visual Praia Hotel!<\/h2>\n\n\n\n<div class=\"wp-block-buttons is-content-justification-left is-layout-flex wp-block-buttons-is-layout-flex\">\n<div class=\"wp-block-button is-style-outline is-style-outline--1\"><a class=\"wp-block-button__link has-text-color\" href=\"https:\/\/book.omnibees.com\/hotel\/2997?currencyId=16&amp;lang=pt-BR\" style=\"border-radius:10px;color:#f99d1c\" target=\"_blank\" rel=\"noreferrer noopener\"><strong>SOLICITE SUA RESERVA<\/strong><\/a><\/div>\n<\/div>\n","protected":false},"excerpt":{"rendered":"<p>Visite Natal e apaixone-se! Natal&nbsp;\u00e9 a cidade brasileira mais pr\u00f3xima do continente africano. \u00c9 conhecida pelos turistas e por todos os potiguares por suas belezas naturais, pois \u00e9 uma cidade repleta de lindas praias, dunas, fal\u00e9sias, recife e piscinas naturais. A capital do Rio Grande do Norte, tamb\u00e9m \u00e9 muito famosa pela gastronomia local, rica [&hellip;]<\/p>\n","protected":false},"author":1,"featured_media":165,"parent":0,"menu_order":0,"comment_status":"closed","ping_status":"closed","template":"","meta":{"_acf_changed":false,"footnotes":""},"class_list":["post-162","page","type-page","status-publish","has-post-thumbnail","hentry"],"acf":[],"yoast_head":"<!-- This site is optimized with the Yoast SEO plugin v27.5 - https:\/\/yoast.com\/product\/yoast-seo-wordpress\/ -->\n<title>Natal - RN - Visual Praia Hotel<\/title>\n<meta name=\"robots\" content=\"index, follow, max-snippet:-1, max-image-preview:large, max-video-preview:-1\" \/>\n<link rel=\"canonical\" href=\"https:\/\/visualpraiahotel.com.br\/index.php\/natal-rn\/\" \/>\n<meta property=\"og:locale\" content=\"pt_BR\" \/>\n<meta property=\"og:type\" content=\"article\" \/>\n<meta property=\"og:title\" content=\"Natal - RN - Visual Praia Hotel\" \/>\n<meta property=\"og:description\" content=\"Visite Natal e apaixone-se! Natal&nbsp;\u00e9 a cidade brasileira mais pr\u00f3xima do continente africano. \u00c9 conhecida pelos turistas e por todos os potiguares por suas belezas naturais, pois \u00e9 uma cidade repleta de lindas praias, dunas, fal\u00e9sias, recife e piscinas naturais. A capital do Rio Grande do Norte, tamb\u00e9m \u00e9 muito famosa pela gastronomia local, rica [&hellip;]\" \/>\n<meta property=\"og:url\" content=\"https:\/\/visualpraiahotel.com.br\/index.php\/natal-rn\/\" \/>\n<meta property=\"og:site_name\" content=\"Visual Praia Hotel\" \/>\n<meta property=\"article:modified_time\" content=\"2024-03-15T00:32:03+00:00\" \/>\n<meta property=\"og:image\" content=\"https:\/\/visualpraiahotel.com.br\/wp-content\/uploads\/2021\/11\/natal-rn.png\" \/>\n\t<meta property=\"og:image:width\" content=\"569\" \/>\n\t<meta property=\"og:image:height\" content=\"431\" \/>\n\t<meta property=\"og:image:type\" content=\"image\/png\" \/>\n<meta name=\"twitter:card\" content=\"summary_large_image\" \/>\n<meta name=\"twitter:label1\" content=\"Est. tempo de leitura\" \/>\n\t<meta name=\"twitter:data1\" content=\"4 minutos\" \/>\n<script type=\"application\/ld+json\" class=\"yoast-schema-graph\">{\"@context\":\"https:\\\/\\\/schema.org\",\"@graph\":[{\"@type\":\"WebPage\",\"@id\":\"https:\\\/\\\/visualpraiahotel.com.br\\\/index.php\\\/natal-rn\\\/\",\"url\":\"https:\\\/\\\/visualpraiahotel.com.br\\\/index.php\\\/natal-rn\\\/\",\"name\":\"Natal - RN - Visual Praia Hotel\",\"isPartOf\":{\"@id\":\"https:\\\/\\\/visualpraiahotel.com.br\\\/#website\"},\"primaryImageOfPage\":{\"@id\":\"https:\\\/\\\/visualpraiahotel.com.br\\\/index.php\\\/natal-rn\\\/#primaryimage\"},\"image\":{\"@id\":\"https:\\\/\\\/visualpraiahotel.com.br\\\/index.php\\\/natal-rn\\\/#primaryimage\"},\"thumbnailUrl\":\"https:\\\/\\\/visualpraiahotel.com.br\\\/wp-content\\\/uploads\\\/2021\\\/11\\\/natal-rn.png\",\"datePublished\":\"2021-11-12T18:30:12+00:00\",\"dateModified\":\"2024-03-15T00:32:03+00:00\",\"breadcrumb\":{\"@id\":\"https:\\\/\\\/visualpraiahotel.com.br\\\/index.php\\\/natal-rn\\\/#breadcrumb\"},\"inLanguage\":\"pt-BR\",\"potentialAction\":[{\"@type\":\"ReadAction\",\"target\":[\"https:\\\/\\\/visualpraiahotel.com.br\\\/index.php\\\/natal-rn\\\/\"]}]},{\"@type\":\"ImageObject\",\"inLanguage\":\"pt-BR\",\"@id\":\"https:\\\/\\\/visualpraiahotel.com.br\\\/index.php\\\/natal-rn\\\/#primaryimage\",\"url\":\"https:\\\/\\\/visualpraiahotel.com.br\\\/wp-content\\\/uploads\\\/2021\\\/11\\\/natal-rn.png\",\"contentUrl\":\"https:\\\/\\\/visualpraiahotel.com.br\\\/wp-content\\\/uploads\\\/2021\\\/11\\\/natal-rn.png\",\"width\":569,\"height\":431},{\"@type\":\"BreadcrumbList\",\"@id\":\"https:\\\/\\\/visualpraiahotel.com.br\\\/index.php\\\/natal-rn\\\/#breadcrumb\",\"itemListElement\":[{\"@type\":\"ListItem\",\"position\":1,\"name\":\"In\u00edcio\",\"item\":\"https:\\\/\\\/visualpraiahotel.com.br\\\/\"},{\"@type\":\"ListItem\",\"position\":2,\"name\":\"Natal &#8211; RN\"}]},{\"@type\":\"WebSite\",\"@id\":\"https:\\\/\\\/visualpraiahotel.com.br\\\/#website\",\"url\":\"https:\\\/\\\/visualpraiahotel.com.br\\\/\",\"name\":\"Visual Praia Hotel\",\"description\":\"Hotel em Natal\\\/RN, de frente para a Praia de Ponta Negra\",\"potentialAction\":[{\"@type\":\"SearchAction\",\"target\":{\"@type\":\"EntryPoint\",\"urlTemplate\":\"https:\\\/\\\/visualpraiahotel.com.br\\\/?s={search_term_string}\"},\"query-input\":{\"@type\":\"PropertyValueSpecification\",\"valueRequired\":true,\"valueName\":\"search_term_string\"}}],\"inLanguage\":\"pt-BR\"}]}<\/script>\n<!-- \/ Yoast SEO plugin. -->","yoast_head_json":{"title":"Natal - RN - Visual Praia Hotel","robots":{"index":"index","follow":"follow","max-snippet":"max-snippet:-1","max-image-preview":"max-image-preview:large","max-video-preview":"max-video-preview:-1"},"canonical":"https:\/\/visualpraiahotel.com.br\/index.php\/natal-rn\/","og_locale":"pt_BR","og_type":"article","og_title":"Natal - RN - Visual Praia Hotel","og_description":"Visite Natal e apaixone-se! Natal&nbsp;\u00e9 a cidade brasileira mais pr\u00f3xima do continente africano. \u00c9 conhecida pelos turistas e por todos os potiguares por suas belezas naturais, pois \u00e9 uma cidade repleta de lindas praias, dunas, fal\u00e9sias, recife e piscinas naturais. A capital do Rio Grande do Norte, tamb\u00e9m \u00e9 muito famosa pela gastronomia local, rica [&hellip;]","og_url":"https:\/\/visualpraiahotel.com.br\/index.php\/natal-rn\/","og_site_name":"Visual Praia Hotel","article_modified_time":"2024-03-15T00:32:03+00:00","og_image":[{"width":569,"height":431,"url":"https:\/\/visualpraiahotel.com.br\/wp-content\/uploads\/2021\/11\/natal-rn.png","type":"image\/png"}],"twitter_card":"summary_large_image","twitter_misc":{"Est. tempo de leitura":"4 minutos"},"schema":{"@context":"https:\/\/schema.org","@graph":[{"@type":"WebPage","@id":"https:\/\/visualpraiahotel.com.br\/index.php\/natal-rn\/","url":"https:\/\/visualpraiahotel.com.br\/index.php\/natal-rn\/","name":"Natal - RN - Visual Praia Hotel","isPartOf":{"@id":"https:\/\/visualpraiahotel.com.br\/#website"},"primaryImageOfPage":{"@id":"https:\/\/visualpraiahotel.com.br\/index.php\/natal-rn\/#primaryimage"},"image":{"@id":"https:\/\/visualpraiahotel.com.br\/index.php\/natal-rn\/#primaryimage"},"thumbnailUrl":"https:\/\/visualpraiahotel.com.br\/wp-content\/uploads\/2021\/11\/natal-rn.png","datePublished":"2021-11-12T18:30:12+00:00","dateModified":"2024-03-15T00:32:03+00:00","breadcrumb":{"@id":"https:\/\/visualpraiahotel.com.br\/index.php\/natal-rn\/#breadcrumb"},"inLanguage":"pt-BR","potentialAction":[{"@type":"ReadAction","target":["https:\/\/visualpraiahotel.com.br\/index.php\/natal-rn\/"]}]},{"@type":"ImageObject","inLanguage":"pt-BR","@id":"https:\/\/visualpraiahotel.com.br\/index.php\/natal-rn\/#primaryimage","url":"https:\/\/visualpraiahotel.com.br\/wp-content\/uploads\/2021\/11\/natal-rn.png","contentUrl":"https:\/\/visualpraiahotel.com.br\/wp-content\/uploads\/2021\/11\/natal-rn.png","width":569,"height":431},{"@type":"BreadcrumbList","@id":"https:\/\/visualpraiahotel.com.br\/index.php\/natal-rn\/#breadcrumb","itemListElement":[{"@type":"ListItem","position":1,"name":"In\u00edcio","item":"https:\/\/visualpraiahotel.com.br\/"},{"@type":"ListItem","position":2,"name":"Natal &#8211; RN"}]},{"@type":"WebSite","@id":"https:\/\/visualpraiahotel.com.br\/#website","url":"https:\/\/visualpraiahotel.com.br\/","name":"Visual Praia Hotel","description":"Hotel em Natal\/RN, de frente para a Praia de Ponta Negra","potentialAction":[{"@type":"SearchAction","target":{"@type":"EntryPoint","urlTemplate":"https:\/\/visualpraiahotel.com.br\/?s={search_term_string}"},"query-input":{"@type":"PropertyValueSpecification","valueRequired":true,"valueName":"search_term_string"}}],"inLanguage":"pt-BR"}]}},"_links":{"self":[{"href":"https:\/\/visualpraiahotel.com.br\/index.php\/wp-json\/wp\/v2\/pages\/162","targetHints":{"allow":["GET"]}}],"collection":[{"href":"https:\/\/visualpraiahotel.com.br\/index.php\/wp-json\/wp\/v2\/pages"}],"about":[{"href":"https:\/\/visualpraiahotel.com.br\/index.php\/wp-json\/wp\/v2\/types\/page"}],"author":[{"embeddable":true,"href":"https:\/\/visualpraiahotel.com.br\/index.php\/wp-json\/wp\/v2\/users\/1"}],"replies":[{"embeddable":true,"href":"https:\/\/visualpraiahotel.com.br\/index.php\/wp-json\/wp\/v2\/comments?post=162"}],"version-history":[{"count":27,"href":"https:\/\/visualpraiahotel.com.br\/index.php\/wp-json\/wp\/v2\/pages\/162\/revisions"}],"predecessor-version":[{"id":682,"href":"https:\/\/visualpraiahotel.com.br\/index.php\/wp-json\/wp\/v2\/pages\/162\/revisions\/682"}],"wp:featuredmedia":[{"embeddable":true,"href":"https:\/\/visualpraiahotel.com.br\/index.php\/wp-json\/wp\/v2\/media\/165"}],"wp:attachment":[{"href":"https:\/\/visualpraiahotel.com.br\/index.php\/wp-json\/wp\/v2\/media?parent=162"}],"curies":[{"name":"wp","href":"https:\/\/api.w.org\/{rel}","templated":true}]}}