{"id":110,"date":"2021-03-01T11:50:15","date_gmt":"2021-03-01T14:50:15","guid":{"rendered":"https:\/\/visualpraiahotel.com.br\/tema-atualizado\/?page_id=110"},"modified":"2024-03-14T21:32:03","modified_gmt":"2024-03-15T00:32:03","slug":"eventos","status":"publish","type":"page","link":"https:\/\/visualpraiahotel.com.br\/index.php\/eventos\/","title":{"rendered":"Eventos"},"content":{"rendered":"\n<h2 class=\"has-text-color wp-block-heading\" style=\"color:#198199\">Procura um <strong>espa\u00e7o para eventos<\/strong>? <\/h2>\n\n\n\n<p class=\"has-text-color\" style=\"color:#6f7070\"><strong>Aqui no Visual Praia Hotel j\u00e1 realizamos v\u00e1rios! <\/strong><\/p>\n\n\n\n<p>Temos um amplo espa\u00e7o reservado:<\/p>\n\n\n\n<ul class=\"has-text-color wp-block-list\" style=\"color:#585a5a\"><li>Fechado;<\/li><li>Coberto;<\/li><li>Climatizado;<\/li><li>Para <a href=\"#formatos\">diferentes formatos<\/a>\/organiza\u00e7\u00f5es de espa\u00e7o; <\/li><li>Para diferentes n\u00fameros de pessoas convidadas (at\u00e9 120). <\/li><\/ul>\n\n\n\n<p>Estamos prontos para receber voc\u00ea e seus convidados!<\/p>\n\n\n\n<div class=\"wp-block-buttons is-layout-flex wp-block-buttons-is-layout-flex\">\n<div class=\"wp-block-button has-custom-font-size is-style-outline has-small-font-size is-style-outline--1\"><a class=\"wp-block-button__link has-text-color\" href=\"https:\/\/visualpraiahotel.com.br\/index.php\/contato\/\" style=\"border-radius:10px;color:#f99d1c\" target=\"_blank\" rel=\"noreferrer noopener\"><strong>ENTRE EM CONTATO<\/strong><\/a><\/div>\n\n\n\n<div class=\"wp-block-button has-custom-font-size is-style-outline has-small-font-size is-style-outline--2\"><a class=\"wp-block-button__link has-text-color\" href=\"#fotos\" style=\"border-radius:10px;color:#f99d1c\"><strong>VEJA FOTOS<\/strong><\/a><\/div>\n\n\n\n<div class=\"wp-block-button has-custom-font-size is-style-outline has-small-font-size is-style-outline--3\"><a class=\"wp-block-button__link has-text-color\" href=\"#tour\" style=\"border-radius:10px;color:#f99d1c\"><strong>FA\u00c7A UM TOUR VIRTUAL<\/strong><\/a><\/div>\n<\/div>\n\n\n\n<div style=\"height:100px\" aria-hidden=\"true\" id=\"fotos\" class=\"wp-block-spacer\"><\/div>\n\n\n\n<h3 class=\"has-text-color wp-block-heading\" style=\"color:#f99d1c\"><strong>Galeria de imagens<\/strong><\/h3>\n\n\n\n<p class=\"has-text-color\" style=\"color:#6f7070\"><strong>Clique nas fotos para v\u00ea-las ampliadas<\/strong><\/p>\n\n\n\n<figure class=\"wp-block-gallery columns-3 is-cropped wp-block-gallery-4 is-layout-flex wp-block-gallery-is-layout-flex\"><ul class=\"blocks-gallery-grid\"><li class=\"blocks-gallery-item\"><figure><a href=\"https:\/\/visualpraiahotel.com.br\/wp-content\/uploads\/2021\/11\/event.jpg\"><img loading=\"lazy\" decoding=\"async\" width=\"428\" height=\"365\" src=\"https:\/\/visualpraiahotel.com.br\/wp-content\/uploads\/2021\/11\/event.jpg\" alt=\"\" data-id=\"12\" data-full-url=\"https:\/\/visualpraiahotel.com.br\/wp-content\/uploads\/2021\/11\/event.jpg\" data-link=\"https:\/\/visualpraiahotel.com.br\/?attachment_id=12\" class=\"wp-image-12\" srcset=\"https:\/\/visualpraiahotel.com.br\/wp-content\/uploads\/2021\/11\/event.jpg 428w, https:\/\/visualpraiahotel.com.br\/wp-content\/uploads\/2021\/11\/event-300x256.jpg 300w\" sizes=\"auto, (max-width: 428px) 100vw, 428px\" \/><\/a><\/figure><\/li><li class=\"blocks-gallery-item\"><figure><a href=\"https:\/\/visualpraiahotel.com.br\/wp-content\/uploads\/2021\/11\/Espaco-para-eventos-em-Natal-RN-Visual-Praia-Hotel-3.jpg\"><img loading=\"lazy\" decoding=\"async\" width=\"640\" height=\"480\" src=\"https:\/\/visualpraiahotel.com.br\/wp-content\/uploads\/2021\/11\/Espaco-para-eventos-em-Natal-RN-Visual-Praia-Hotel-3.jpg\" alt=\"\" data-id=\"565\" data-full-url=\"https:\/\/visualpraiahotel.com.br\/wp-content\/uploads\/2021\/11\/Espaco-para-eventos-em-Natal-RN-Visual-Praia-Hotel-3.jpg\" data-link=\"https:\/\/visualpraiahotel.com.br\/index.php\/eventos\/espaco-para-eventos-em-natal-rn-visual-praia-hotel-3\/\" class=\"wp-image-565\" srcset=\"https:\/\/visualpraiahotel.com.br\/wp-content\/uploads\/2021\/11\/Espaco-para-eventos-em-Natal-RN-Visual-Praia-Hotel-3.jpg 640w, https:\/\/visualpraiahotel.com.br\/wp-content\/uploads\/2021\/11\/Espaco-para-eventos-em-Natal-RN-Visual-Praia-Hotel-3-300x225.jpg 300w\" sizes=\"auto, (max-width: 640px) 100vw, 640px\" \/><\/a><\/figure><\/li><li class=\"blocks-gallery-item\"><figure><a href=\"https:\/\/visualpraiahotel.com.br\/wp-content\/uploads\/2021\/11\/Espaco-para-eventos-em-Natal-RN-Visual-Praia-Hotel-5.jpg\"><img loading=\"lazy\" decoding=\"async\" width=\"640\" height=\"480\" src=\"https:\/\/visualpraiahotel.com.br\/wp-content\/uploads\/2021\/11\/Espaco-para-eventos-em-Natal-RN-Visual-Praia-Hotel-5.jpg\" alt=\"\" data-id=\"563\" data-full-url=\"https:\/\/visualpraiahotel.com.br\/wp-content\/uploads\/2021\/11\/Espaco-para-eventos-em-Natal-RN-Visual-Praia-Hotel-5.jpg\" data-link=\"https:\/\/visualpraiahotel.com.br\/index.php\/eventos\/espaco-para-eventos-em-natal-rn-visual-praia-hotel-5\/\" class=\"wp-image-563\" srcset=\"https:\/\/visualpraiahotel.com.br\/wp-content\/uploads\/2021\/11\/Espaco-para-eventos-em-Natal-RN-Visual-Praia-Hotel-5.jpg 640w, https:\/\/visualpraiahotel.com.br\/wp-content\/uploads\/2021\/11\/Espaco-para-eventos-em-Natal-RN-Visual-Praia-Hotel-5-300x225.jpg 300w\" sizes=\"auto, (max-width: 640px) 100vw, 640px\" \/><\/a><\/figure><\/li><li class=\"blocks-gallery-item\"><figure><a href=\"https:\/\/visualpraiahotel.com.br\/wp-content\/uploads\/2021\/11\/Espaco-para-eventos-em-Natal-RN-Visual-Praia-Hotel.jpg\"><img loading=\"lazy\" decoding=\"async\" width=\"640\" height=\"480\" src=\"https:\/\/visualpraiahotel.com.br\/wp-content\/uploads\/2021\/11\/Espaco-para-eventos-em-Natal-RN-Visual-Praia-Hotel.jpg\" alt=\"\" data-id=\"568\" data-full-url=\"https:\/\/visualpraiahotel.com.br\/wp-content\/uploads\/2021\/11\/Espaco-para-eventos-em-Natal-RN-Visual-Praia-Hotel.jpg\" data-link=\"https:\/\/visualpraiahotel.com.br\/index.php\/eventos\/espaco-para-eventos-em-natal-rn-visual-praia-hotel\/\" class=\"wp-image-568\" srcset=\"https:\/\/visualpraiahotel.com.br\/wp-content\/uploads\/2021\/11\/Espaco-para-eventos-em-Natal-RN-Visual-Praia-Hotel.jpg 640w, https:\/\/visualpraiahotel.com.br\/wp-content\/uploads\/2021\/11\/Espaco-para-eventos-em-Natal-RN-Visual-Praia-Hotel-300x225.jpg 300w\" sizes=\"auto, (max-width: 640px) 100vw, 640px\" \/><\/a><\/figure><\/li><li class=\"blocks-gallery-item\"><figure><a href=\"https:\/\/visualpraiahotel.com.br\/wp-content\/uploads\/2021\/11\/Espaco-para-eventos-em-Natal-RN-Visual-Praia-Hotel-4.jpg\"><img loading=\"lazy\" decoding=\"async\" width=\"640\" height=\"480\" src=\"https:\/\/visualpraiahotel.com.br\/wp-content\/uploads\/2021\/11\/Espaco-para-eventos-em-Natal-RN-Visual-Praia-Hotel-4.jpg\" alt=\"\" data-id=\"564\" data-full-url=\"https:\/\/visualpraiahotel.com.br\/wp-content\/uploads\/2021\/11\/Espaco-para-eventos-em-Natal-RN-Visual-Praia-Hotel-4.jpg\" data-link=\"https:\/\/visualpraiahotel.com.br\/index.php\/eventos\/espaco-para-eventos-em-natal-rn-visual-praia-hotel-4\/\" class=\"wp-image-564\" srcset=\"https:\/\/visualpraiahotel.com.br\/wp-content\/uploads\/2021\/11\/Espaco-para-eventos-em-Natal-RN-Visual-Praia-Hotel-4.jpg 640w, https:\/\/visualpraiahotel.com.br\/wp-content\/uploads\/2021\/11\/Espaco-para-eventos-em-Natal-RN-Visual-Praia-Hotel-4-300x225.jpg 300w\" sizes=\"auto, (max-width: 640px) 100vw, 640px\" \/><\/a><\/figure><\/li><li class=\"blocks-gallery-item\"><figure><a href=\"https:\/\/visualpraiahotel.com.br\/wp-content\/uploads\/2021\/11\/Espaco-para-eventos-em-Natal-RN-Visual-Praia-Hotel-6.jpg\"><img loading=\"lazy\" decoding=\"async\" width=\"640\" height=\"480\" src=\"https:\/\/visualpraiahotel.com.br\/wp-content\/uploads\/2021\/11\/Espaco-para-eventos-em-Natal-RN-Visual-Praia-Hotel-6.jpg\" alt=\"\" data-id=\"562\" data-full-url=\"https:\/\/visualpraiahotel.com.br\/wp-content\/uploads\/2021\/11\/Espaco-para-eventos-em-Natal-RN-Visual-Praia-Hotel-6.jpg\" data-link=\"https:\/\/visualpraiahotel.com.br\/index.php\/eventos\/espaco-para-eventos-em-natal-rn-visual-praia-hotel-6\/\" class=\"wp-image-562\" srcset=\"https:\/\/visualpraiahotel.com.br\/wp-content\/uploads\/2021\/11\/Espaco-para-eventos-em-Natal-RN-Visual-Praia-Hotel-6.jpg 640w, https:\/\/visualpraiahotel.com.br\/wp-content\/uploads\/2021\/11\/Espaco-para-eventos-em-Natal-RN-Visual-Praia-Hotel-6-300x225.jpg 300w\" sizes=\"auto, (max-width: 640px) 100vw, 640px\" \/><\/a><\/figure><\/li><\/ul><\/figure>\n\n\n\n<div style=\"height:100px\" aria-hidden=\"true\" id=\"formatos\" class=\"wp-block-spacer\"><\/div>\n\n\n\n<h3 class=\"has-text-color wp-block-heading\" style=\"color:#f99d1c\"><strong>Formatos<\/strong><\/h3>\n\n\n\n<p class=\"has-text-color\" style=\"color:#6f7070\"><strong><strong>Clique nas fotos para v\u00ea-las ampliadas<\/strong><\/strong><\/p>\n\n\n\n<figure class=\"wp-block-gallery columns-4 is-cropped wp-block-gallery-5 is-layout-flex wp-block-gallery-is-layout-flex\"><ul class=\"blocks-gallery-grid\"><li class=\"blocks-gallery-item\"><figure><a href=\"https:\/\/visualpraiahotel.com.br\/wp-content\/uploads\/2021\/11\/Espaco-para-eventos-em-Natal-RN-Visual-Praia-Hotel-7.jpg\"><img loading=\"lazy\" decoding=\"async\" width=\"1000\" height=\"343\" src=\"https:\/\/visualpraiahotel.com.br\/wp-content\/uploads\/2021\/11\/Espaco-para-eventos-em-Natal-RN-Visual-Praia-Hotel-7.jpg\" alt=\"\" data-id=\"561\" data-full-url=\"https:\/\/visualpraiahotel.com.br\/wp-content\/uploads\/2021\/11\/Espaco-para-eventos-em-Natal-RN-Visual-Praia-Hotel-7.jpg\" data-link=\"https:\/\/visualpraiahotel.com.br\/index.php\/eventos\/espaco-para-eventos-em-natal-rn-visual-praia-hotel-7\/\" class=\"wp-image-561\" srcset=\"https:\/\/visualpraiahotel.com.br\/wp-content\/uploads\/2021\/11\/Espaco-para-eventos-em-Natal-RN-Visual-Praia-Hotel-7.jpg 1000w, https:\/\/visualpraiahotel.com.br\/wp-content\/uploads\/2021\/11\/Espaco-para-eventos-em-Natal-RN-Visual-Praia-Hotel-7-300x103.jpg 300w, https:\/\/visualpraiahotel.com.br\/wp-content\/uploads\/2021\/11\/Espaco-para-eventos-em-Natal-RN-Visual-Praia-Hotel-7-768x263.jpg 768w\" sizes=\"auto, (max-width: 1000px) 100vw, 1000px\" \/><\/a><\/figure><\/li><li class=\"blocks-gallery-item\"><figure><a href=\"https:\/\/visualpraiahotel.com.br\/wp-content\/uploads\/2021\/11\/Espaco-para-eventos-em-Natal-RN-Visual-Praia-Hotel-8.jpg\"><img loading=\"lazy\" decoding=\"async\" width=\"640\" height=\"480\" src=\"https:\/\/visualpraiahotel.com.br\/wp-content\/uploads\/2021\/11\/Espaco-para-eventos-em-Natal-RN-Visual-Praia-Hotel-8.jpg\" alt=\"\" data-id=\"560\" data-full-url=\"https:\/\/visualpraiahotel.com.br\/wp-content\/uploads\/2021\/11\/Espaco-para-eventos-em-Natal-RN-Visual-Praia-Hotel-8.jpg\" data-link=\"https:\/\/visualpraiahotel.com.br\/index.php\/eventos\/espaco-para-eventos-em-natal-rn-visual-praia-hotel-8\/\" class=\"wp-image-560\" srcset=\"https:\/\/visualpraiahotel.com.br\/wp-content\/uploads\/2021\/11\/Espaco-para-eventos-em-Natal-RN-Visual-Praia-Hotel-8.jpg 640w, https:\/\/visualpraiahotel.com.br\/wp-content\/uploads\/2021\/11\/Espaco-para-eventos-em-Natal-RN-Visual-Praia-Hotel-8-300x225.jpg 300w\" sizes=\"auto, (max-width: 640px) 100vw, 640px\" \/><\/a><\/figure><\/li><li class=\"blocks-gallery-item\"><figure><a href=\"https:\/\/visualpraiahotel.com.br\/wp-content\/uploads\/2021\/11\/Espaco-para-eventos-em-Natal-RN-Visual-Praia-Hotel-9.jpg\"><img loading=\"lazy\" decoding=\"async\" width=\"640\" height=\"480\" src=\"https:\/\/visualpraiahotel.com.br\/wp-content\/uploads\/2021\/11\/Espaco-para-eventos-em-Natal-RN-Visual-Praia-Hotel-9.jpg\" alt=\"\" data-id=\"559\" data-full-url=\"https:\/\/visualpraiahotel.com.br\/wp-content\/uploads\/2021\/11\/Espaco-para-eventos-em-Natal-RN-Visual-Praia-Hotel-9.jpg\" data-link=\"https:\/\/visualpraiahotel.com.br\/index.php\/eventos\/espaco-para-eventos-em-natal-rn-visual-praia-hotel-9\/\" class=\"wp-image-559\" srcset=\"https:\/\/visualpraiahotel.com.br\/wp-content\/uploads\/2021\/11\/Espaco-para-eventos-em-Natal-RN-Visual-Praia-Hotel-9.jpg 640w, https:\/\/visualpraiahotel.com.br\/wp-content\/uploads\/2021\/11\/Espaco-para-eventos-em-Natal-RN-Visual-Praia-Hotel-9-300x225.jpg 300w\" sizes=\"auto, (max-width: 640px) 100vw, 640px\" \/><\/a><\/figure><\/li><li class=\"blocks-gallery-item\"><figure><a href=\"https:\/\/visualpraiahotel.com.br\/wp-content\/uploads\/2021\/11\/Espaco-para-eventos-em-Natal-RN-Visual-Praia-Hotel-10.jpg\"><img loading=\"lazy\" decoding=\"async\" width=\"640\" height=\"480\" src=\"https:\/\/visualpraiahotel.com.br\/wp-content\/uploads\/2021\/11\/Espaco-para-eventos-em-Natal-RN-Visual-Praia-Hotel-10.jpg\" alt=\"\" data-id=\"558\" data-full-url=\"https:\/\/visualpraiahotel.com.br\/wp-content\/uploads\/2021\/11\/Espaco-para-eventos-em-Natal-RN-Visual-Praia-Hotel-10.jpg\" data-link=\"https:\/\/visualpraiahotel.com.br\/index.php\/eventos\/espaco-para-eventos-em-natal-rn-visual-praia-hotel-10\/\" class=\"wp-image-558\" srcset=\"https:\/\/visualpraiahotel.com.br\/wp-content\/uploads\/2021\/11\/Espaco-para-eventos-em-Natal-RN-Visual-Praia-Hotel-10.jpg 640w, https:\/\/visualpraiahotel.com.br\/wp-content\/uploads\/2021\/11\/Espaco-para-eventos-em-Natal-RN-Visual-Praia-Hotel-10-300x225.jpg 300w\" sizes=\"auto, (max-width: 640px) 100vw, 640px\" \/><\/a><\/figure><\/li><\/ul><\/figure>\n\n\n\n<div style=\"height:100px\" aria-hidden=\"true\" id=\"tour\" class=\"wp-block-spacer\"><\/div>\n\n\n\n<h3 class=\"has-text-color wp-block-heading\" style=\"color:#f99d1c\"><strong>Tour Virtual<\/strong><\/h3>\n\n\n\n<iframe src=\"https:\/\/www.google.com\/maps\/embed?pb=!4v1637869345654!6m8!1m7!1sCAoSLEFGMVFpcE9qVGdhZzhObXlNVm1rSzlRYnh0ZlYxSGFheDdpX2F4S2l5VlFK!2m2!1d-5.875913248954509!2d-35.17580409547452!3f135.51!4f-23.92!5f0.5970117501821992\" width=\"600\" height=\"450\" style=\"border:0;\" allowfullscreen=\"\" loading=\"lazy\"><\/iframe>\n","protected":false},"excerpt":{"rendered":"<p>Procura um espa\u00e7o para eventos? Aqui no Visual Praia Hotel j\u00e1 realizamos v\u00e1rios! Temos um amplo espa\u00e7o reservado: Fechado; Coberto; Climatizado; Para diferentes formatos\/organiza\u00e7\u00f5es de espa\u00e7o; Para diferentes n\u00fameros de pessoas convidadas (at\u00e9 120). Estamos prontos para receber voc\u00ea e seus convidados! Galeria de imagens Clique nas fotos para v\u00ea-las ampliadas Formatos Clique nas fotos [&hellip;]<\/p>\n","protected":false},"author":1,"featured_media":12,"parent":0,"menu_order":0,"comment_status":"closed","ping_status":"closed","template":"","meta":{"_acf_changed":false,"footnotes":""},"class_list":["post-110","page","type-page","status-publish","has-post-thumbnail","hentry"],"acf":[],"yoast_head":"<!-- This site is optimized with the Yoast SEO plugin v27.5 - https:\/\/yoast.com\/product\/yoast-seo-wordpress\/ -->\n<title>Eventos - Visual Praia Hotel<\/title>\n<meta name=\"robots\" content=\"index, follow, max-snippet:-1, max-image-preview:large, max-video-preview:-1\" \/>\n<link rel=\"canonical\" href=\"https:\/\/visualpraiahotel.com.br\/index.php\/eventos\/\" \/>\n<meta property=\"og:locale\" content=\"pt_BR\" \/>\n<meta property=\"og:type\" content=\"article\" \/>\n<meta property=\"og:title\" content=\"Eventos - Visual Praia Hotel\" \/>\n<meta property=\"og:description\" content=\"Procura um espa\u00e7o para eventos? Aqui no Visual Praia Hotel j\u00e1 realizamos v\u00e1rios! Temos um amplo espa\u00e7o reservado: Fechado; Coberto; Climatizado; Para diferentes formatos\/organiza\u00e7\u00f5es de espa\u00e7o; Para diferentes n\u00fameros de pessoas convidadas (at\u00e9 120). Estamos prontos para receber voc\u00ea e seus convidados! Galeria de imagens Clique nas fotos para v\u00ea-las ampliadas Formatos Clique nas fotos [&hellip;]\" \/>\n<meta property=\"og:url\" content=\"https:\/\/visualpraiahotel.com.br\/index.php\/eventos\/\" \/>\n<meta property=\"og:site_name\" content=\"Visual Praia Hotel\" \/>\n<meta property=\"article:modified_time\" content=\"2024-03-15T00:32:03+00:00\" \/>\n<meta property=\"og:image\" content=\"https:\/\/visualpraiahotel.com.br\/wp-content\/uploads\/2021\/11\/event.jpg\" \/>\n\t<meta property=\"og:image:width\" content=\"428\" \/>\n\t<meta property=\"og:image:height\" content=\"365\" \/>\n\t<meta property=\"og:image:type\" content=\"image\/jpeg\" \/>\n<meta name=\"twitter:card\" content=\"summary_large_image\" \/>\n<script type=\"application\/ld+json\" class=\"yoast-schema-graph\">{\"@context\":\"https:\\\/\\\/schema.org\",\"@graph\":[{\"@type\":\"WebPage\",\"@id\":\"https:\\\/\\\/visualpraiahotel.com.br\\\/index.php\\\/eventos\\\/\",\"url\":\"https:\\\/\\\/visualpraiahotel.com.br\\\/index.php\\\/eventos\\\/\",\"name\":\"Eventos - Visual Praia Hotel\",\"isPartOf\":{\"@id\":\"https:\\\/\\\/visualpraiahotel.com.br\\\/#website\"},\"primaryImageOfPage\":{\"@id\":\"https:\\\/\\\/visualpraiahotel.com.br\\\/index.php\\\/eventos\\\/#primaryimage\"},\"image\":{\"@id\":\"https:\\\/\\\/visualpraiahotel.com.br\\\/index.php\\\/eventos\\\/#primaryimage\"},\"thumbnailUrl\":\"https:\\\/\\\/visualpraiahotel.com.br\\\/wp-content\\\/uploads\\\/2021\\\/11\\\/event.jpg\",\"datePublished\":\"2021-03-01T14:50:15+00:00\",\"dateModified\":\"2024-03-15T00:32:03+00:00\",\"breadcrumb\":{\"@id\":\"https:\\\/\\\/visualpraiahotel.com.br\\\/index.php\\\/eventos\\\/#breadcrumb\"},\"inLanguage\":\"pt-BR\",\"potentialAction\":[{\"@type\":\"ReadAction\",\"target\":[\"https:\\\/\\\/visualpraiahotel.com.br\\\/index.php\\\/eventos\\\/\"]}]},{\"@type\":\"ImageObject\",\"inLanguage\":\"pt-BR\",\"@id\":\"https:\\\/\\\/visualpraiahotel.com.br\\\/index.php\\\/eventos\\\/#primaryimage\",\"url\":\"https:\\\/\\\/visualpraiahotel.com.br\\\/wp-content\\\/uploads\\\/2021\\\/11\\\/event.jpg\",\"contentUrl\":\"https:\\\/\\\/visualpraiahotel.com.br\\\/wp-content\\\/uploads\\\/2021\\\/11\\\/event.jpg\",\"width\":428,\"height\":365},{\"@type\":\"BreadcrumbList\",\"@id\":\"https:\\\/\\\/visualpraiahotel.com.br\\\/index.php\\\/eventos\\\/#breadcrumb\",\"itemListElement\":[{\"@type\":\"ListItem\",\"position\":1,\"name\":\"In\u00edcio\",\"item\":\"https:\\\/\\\/visualpraiahotel.com.br\\\/\"},{\"@type\":\"ListItem\",\"position\":2,\"name\":\"Eventos\"}]},{\"@type\":\"WebSite\",\"@id\":\"https:\\\/\\\/visualpraiahotel.com.br\\\/#website\",\"url\":\"https:\\\/\\\/visualpraiahotel.com.br\\\/\",\"name\":\"Visual Praia Hotel\",\"description\":\"Hotel em Natal\\\/RN, de frente para a Praia de Ponta Negra\",\"potentialAction\":[{\"@type\":\"SearchAction\",\"target\":{\"@type\":\"EntryPoint\",\"urlTemplate\":\"https:\\\/\\\/visualpraiahotel.com.br\\\/?s={search_term_string}\"},\"query-input\":{\"@type\":\"PropertyValueSpecification\",\"valueRequired\":true,\"valueName\":\"search_term_string\"}}],\"inLanguage\":\"pt-BR\"}]}<\/script>\n<!-- \/ Yoast SEO plugin. -->","yoast_head_json":{"title":"Eventos - Visual Praia Hotel","robots":{"index":"index","follow":"follow","max-snippet":"max-snippet:-1","max-image-preview":"max-image-preview:large","max-video-preview":"max-video-preview:-1"},"canonical":"https:\/\/visualpraiahotel.com.br\/index.php\/eventos\/","og_locale":"pt_BR","og_type":"article","og_title":"Eventos - Visual Praia Hotel","og_description":"Procura um espa\u00e7o para eventos? Aqui no Visual Praia Hotel j\u00e1 realizamos v\u00e1rios! Temos um amplo espa\u00e7o reservado: Fechado; Coberto; Climatizado; Para diferentes formatos\/organiza\u00e7\u00f5es de espa\u00e7o; Para diferentes n\u00fameros de pessoas convidadas (at\u00e9 120). Estamos prontos para receber voc\u00ea e seus convidados! Galeria de imagens Clique nas fotos para v\u00ea-las ampliadas Formatos Clique nas fotos [&hellip;]","og_url":"https:\/\/visualpraiahotel.com.br\/index.php\/eventos\/","og_site_name":"Visual Praia Hotel","article_modified_time":"2024-03-15T00:32:03+00:00","og_image":[{"width":428,"height":365,"url":"https:\/\/visualpraiahotel.com.br\/wp-content\/uploads\/2021\/11\/event.jpg","type":"image\/jpeg"}],"twitter_card":"summary_large_image","schema":{"@context":"https:\/\/schema.org","@graph":[{"@type":"WebPage","@id":"https:\/\/visualpraiahotel.com.br\/index.php\/eventos\/","url":"https:\/\/visualpraiahotel.com.br\/index.php\/eventos\/","name":"Eventos - Visual Praia Hotel","isPartOf":{"@id":"https:\/\/visualpraiahotel.com.br\/#website"},"primaryImageOfPage":{"@id":"https:\/\/visualpraiahotel.com.br\/index.php\/eventos\/#primaryimage"},"image":{"@id":"https:\/\/visualpraiahotel.com.br\/index.php\/eventos\/#primaryimage"},"thumbnailUrl":"https:\/\/visualpraiahotel.com.br\/wp-content\/uploads\/2021\/11\/event.jpg","datePublished":"2021-03-01T14:50:15+00:00","dateModified":"2024-03-15T00:32:03+00:00","breadcrumb":{"@id":"https:\/\/visualpraiahotel.com.br\/index.php\/eventos\/#breadcrumb"},"inLanguage":"pt-BR","potentialAction":[{"@type":"ReadAction","target":["https:\/\/visualpraiahotel.com.br\/index.php\/eventos\/"]}]},{"@type":"ImageObject","inLanguage":"pt-BR","@id":"https:\/\/visualpraiahotel.com.br\/index.php\/eventos\/#primaryimage","url":"https:\/\/visualpraiahotel.com.br\/wp-content\/uploads\/2021\/11\/event.jpg","contentUrl":"https:\/\/visualpraiahotel.com.br\/wp-content\/uploads\/2021\/11\/event.jpg","width":428,"height":365},{"@type":"BreadcrumbList","@id":"https:\/\/visualpraiahotel.com.br\/index.php\/eventos\/#breadcrumb","itemListElement":[{"@type":"ListItem","position":1,"name":"In\u00edcio","item":"https:\/\/visualpraiahotel.com.br\/"},{"@type":"ListItem","position":2,"name":"Eventos"}]},{"@type":"WebSite","@id":"https:\/\/visualpraiahotel.com.br\/#website","url":"https:\/\/visualpraiahotel.com.br\/","name":"Visual Praia Hotel","description":"Hotel em Natal\/RN, de frente para a Praia de Ponta Negra","potentialAction":[{"@type":"SearchAction","target":{"@type":"EntryPoint","urlTemplate":"https:\/\/visualpraiahotel.com.br\/?s={search_term_string}"},"query-input":{"@type":"PropertyValueSpecification","valueRequired":true,"valueName":"search_term_string"}}],"inLanguage":"pt-BR"}]}},"_links":{"self":[{"href":"https:\/\/visualpraiahotel.com.br\/index.php\/wp-json\/wp\/v2\/pages\/110","targetHints":{"allow":["GET"]}}],"collection":[{"href":"https:\/\/visualpraiahotel.com.br\/index.php\/wp-json\/wp\/v2\/pages"}],"about":[{"href":"https:\/\/visualpraiahotel.com.br\/index.php\/wp-json\/wp\/v2\/types\/page"}],"author":[{"embeddable":true,"href":"https:\/\/visualpraiahotel.com.br\/index.php\/wp-json\/wp\/v2\/users\/1"}],"replies":[{"embeddable":true,"href":"https:\/\/visualpraiahotel.com.br\/index.php\/wp-json\/wp\/v2\/comments?post=110"}],"version-history":[{"count":38,"href":"https:\/\/visualpraiahotel.com.br\/index.php\/wp-json\/wp\/v2\/pages\/110\/revisions"}],"predecessor-version":[{"id":681,"href":"https:\/\/visualpraiahotel.com.br\/index.php\/wp-json\/wp\/v2\/pages\/110\/revisions\/681"}],"wp:featuredmedia":[{"embeddable":true,"href":"https:\/\/visualpraiahotel.com.br\/index.php\/wp-json\/wp\/v2\/media\/12"}],"wp:attachment":[{"href":"https:\/\/visualpraiahotel.com.br\/index.php\/wp-json\/wp\/v2\/media?parent=110"}],"curies":[{"name":"wp","href":"https:\/\/api.w.org\/{rel}","templated":true}]}}